{"id":245,"date":"2025-03-12T15:02:18","date_gmt":"2025-03-12T15:02:18","guid":{"rendered":"https:\/\/vetrine-monitoringtool.eu\/sobre-o-processo-entre-fashion\/"},"modified":"2025-03-12T15:02:18","modified_gmt":"2025-03-12T15:02:18","slug":"sobre-o-processo-entre-fashion","status":"publish","type":"page","link":"https:\/\/vetrine-monitoringtool.eu\/pt-pt\/sobre-o-processo-entre-fashion\/","title":{"rendered":"Sobre o Processo Entre-Fashion"},"content":{"rendered":"\n<div class=\"wp-block-cover alignfull\" style=\"min-height:720px;aspect-ratio:unset;\"><span aria-hidden=\"true\" class=\"wp-block-cover__background has-background-dim-100 has-background-dim has-background-gradient\" style=\"background:linear-gradient(35deg,rgb(6,0,151) 0%,rgb(62,180,175) 38%,rgb(130,4,255) 72%,rgb(237,104,110) 100%)\"><\/span><div class=\"wp-block-cover__inner-container is-layout-flow wp-block-cover-is-layout-flow\">\n<div class=\"inherit-container-width wp-block-group alignwide is-layout-constrained wp-block-group-is-layout-constrained\">\n<div class=\"wp-block-media-text alignwide has-media-on-the-right is-stacked-on-mobile is-vertically-aligned-center\" style=\"grid-template-columns:auto 43%\"><div class=\"wp-block-media-text__content\">\n<h1 class=\"wp-block-heading has-text-align-left has-white-color has-text-color\">Sobre o Processo Entre-Fashion<\/h1>\n<\/div><figure class=\"wp-block-media-text__media\"><img decoding=\"async\" src=\"https:\/\/vetrine-monitoringtool.eu\/wp-content\/themes\/astra\/inc\/assets\/images\/starter-content\/hero-img.svg\" alt=\"\" class=\"wp-image-118 size-full\"><\/figure><\/div>\n<\/div>\n<\/div><\/div>\n\n\n\n<p><\/p>\n\n\n\n<p>A Ferramenta de Monitoriza\u00e7\u00e3o ENTRE-FASHION, foi criada para apoiar os formandos do curso Green VETRINE e os mentores das empresas locais do setor t\u00eaxtil e de vestu\u00e1rio durante os 8 meses de co-cria\u00e7\u00e3o de produtos sustent\u00e1veis.<br>Esta ferramenta permite aos participantes acompanhar os progressos, receber feedback personalizado e, por fim, apresentar as suas cria\u00e7\u00f5es para vota\u00e7\u00e3o p\u00fablica.<\/p>\n\n\n\n<p>O processo Entre-Fashion combina criatividade e sustentabilidade num processo de mentoria que proporciona aos alunos uma experi\u00eancia real. Os formandos participam numa fase de simula\u00e7\u00e3o de 8 meses, orientados por mentores, para concetualizar e realizar artigos de moda com consci\u00eancia ecol\u00f3gica. <\/p>\n\n\n\n<div class=\"wp-block-group alignfull has-ast-global-color-5-background-color has-background is-layout-constrained wp-container-core-group-is-layout-9cedb757 wp-block-group-is-layout-constrained\" style=\"padding-bottom:0px\">\n<div class=\"wp-block-columns are-vertically-aligned-top is-layout-flex wp-container-core-columns-is-layout-00723822 wp-block-columns-is-layout-flex\">\n<div class=\"wp-block-column is-vertically-aligned-top is-layout-flow wp-container-core-column-is-layout-6b73ce23 wp-block-column-is-layout-flow\">\n<figure class=\"wp-block-image size-large\"><img decoding=\"async\" src=\"https:\/\/vetrine-monitoringtool.eu\/wp-content\/themes\/astra\/inc\/assets\/images\/starter-content\/building.svg\" alt=\"\" class=\"wp-image-134\"><\/figure>\n\n\n\n<h3 class=\"wp-block-heading has-text-align-left\" style=\"margin-top:16px\">Atualiza\u00e7\u00e3o mensal do progresso dos alunos<\/h3>\n\n\n\n<p class=\"has-text-align-left\"><\/p>\n<\/div>\n\n\n\n<div class=\"wp-block-column is-vertically-aligned-top is-layout-flow wp-container-core-column-is-layout-6b73ce23 wp-block-column-is-layout-flow\">\n<figure class=\"wp-block-image size-large\"><img decoding=\"async\" src=\"https:\/\/vetrine-monitoringtool.eu\/wp-content\/themes\/astra\/inc\/assets\/images\/starter-content\/shopping-bag.svg\" alt=\"\" class=\"wp-image-135\"><\/figure>\n\n\n\n<h3 class=\"wp-block-heading has-text-align-left\" style=\"margin-top:16px\">Feedback cont\u00ednuo do mentor<\/h3>\n\n\n\n<p class=\"has-text-align-left\"><\/p>\n<\/div>\n\n\n\n<div class=\"wp-block-column is-vertically-aligned-top is-layout-flow wp-container-core-column-is-layout-6b73ce23 wp-block-column-is-layout-flow\">\n<figure class=\"wp-block-image size-large\"><img decoding=\"async\" src=\"https:\/\/vetrine-monitoringtool.eu\/wp-content\/themes\/astra\/inc\/assets\/images\/starter-content\/blog.svg\" alt=\"\" class=\"wp-image-136\"><\/figure>\n\n\n\n<h3 class=\"wp-block-heading has-text-align-left\" style=\"margin-top:16px\">Acompanhamento da evolu\u00e7\u00e3o de cada projeto<\/h3>\n\n\n\n<p class=\"has-text-align-left\"><\/p>\n<\/div>\n\n\n\n<div class=\"wp-block-column is-vertically-aligned-top is-layout-flow wp-container-core-column-is-layout-6b73ce23 wp-block-column-is-layout-flow\">\n<figure class=\"wp-block-image size-large\"><img decoding=\"async\" src=\"https:\/\/vetrine-monitoringtool.eu\/wp-content\/themes\/astra\/inc\/assets\/images\/starter-content\/portfolio.svg\" alt=\"\" class=\"wp-image-137\"><\/figure>\n\n\n\n<h3 class=\"wp-block-heading has-text-align-left\" style=\"margin-top:16px\">A possibilidade de votar para eleger os vencedores do processo (ver Pr\u00e9mio, abaixo)<\/h3>\n<\/div>\n<\/div>\n<\/div>\n\n\n\n<div class=\"wp-block-group alignfull has-ast-global-color-5-background-color has-background is-layout-constrained wp-container-core-group-is-layout-94d206d0 wp-block-group-is-layout-constrained\" id=\"about\" style=\"padding-top:143px;padding-bottom:144px\">\n<div class=\"wp-block-media-text has-media-on-the-right is-stacked-on-mobile is-vertically-aligned-center\"><div class=\"wp-block-media-text__content\">\n<div class=\"inherit-container-width wp-block-group is-layout-constrained wp-container-core-group-is-layout-47ce07ec wp-block-group-is-layout-constrained\" style=\"padding-right:80px\">\n<h2 class=\"wp-block-heading\" style=\"padding-right:40px\">Regras para participar no processo Entre-Fashion<br>Elegibilidade<br><br><\/h2>\n\n\n\n<p><\/p>\n\n\n\n<p>Nor\u0117dami dalyvauti konkurse, kandidatai turi:<br>&#8211; S\u0117kmingai baig\u0119 VETRINE geb\u0117jim\u0173 stiprinimo program\u0105 \u201e\u017dalioji VETRINE\u201c.<br>&#8211; Iki 2025 m. gegu\u017e\u0117s 15 d. pateikti parai\u0161kos dokumentus, \u012fskaitant:<br>&nbsp; &#8211; Asmeninis motyvacinis parei\u0161kimas<br>&nbsp; &#8211; Preliminari dizaino koncepcija<br>&nbsp; &#8211; Trumpa tvarumo ir rinkos galimybi\u0173 analiz\u0117<br>&nbsp; &#8211; Preliminarus veiklos kalendorius procesui planuoti ir pagrindiniams etapams apibr\u0117\u017eti.<br>\u2022 Dokumentai turi b\u016bti oficialiai adresuoti su rinka susijusiai organizacijai kiekvienoje \u0161alyje. Patikrinkite \u010dia pateikt\u0105 kontakt\u0173 s\u0105ra\u0161\u0105. <\/p>\n\n\n\n<hr class=\"wp-block-separator has-alpha-channel-opacity\">\n\n\n\n<p><a id=\"_msocom_1\"><\/a><\/p>\n\n\n\n<p>&nbsp;<\/p>\n<\/div>\n<\/div><figure class=\"wp-block-media-text__media\"><img decoding=\"async\" src=\"https:\/\/vetrine-monitoringtool.eu\/wp-content\/themes\/astra\/inc\/assets\/images\/starter-content\/about-us.jpg\" alt=\"\" class=\"wp-image-237 size-full\"><\/figure><\/div>\n<\/div>\n\n\n\n<div class=\"wp-block-group alignfull has-ast-global-color-4-background-color has-background is-layout-constrained wp-container-core-group-is-layout-6a2cfb7b wp-block-group-is-layout-constrained\" id=\"reviews\">\n<p class=\"has-text-align-center\" style=\"font-size:38px;line-height:1.6\">Calend\u00e1rio<\/p>\n\n\n\n<p class=\"has-text-align-center\">\u2022 15 de maio de 2025 &#8211; Prazo de candidatura&nbsp;<br>\u2022 Fim de maio de 2025 &#8211; Notifica\u00e7\u00e3o dos resultados da sele\u00e7\u00e3o e atribui\u00e7\u00e3o de um mentor&nbsp;<br>\u2022 junho a dezembro de 2025 &#8211; Fase de desenvolvimento e produ\u00e7\u00e3o. Os participantes desenvolvem o seu produto de acordo com o plano aprovado, incorporando as sugest\u00f5es do mentor. S\u00e3o permitidos ajustes, se justificados  &nbsp;<br>\u2022 31 de dezembro de 2025 &#8211; Prazo para entrega final:<br>&nbsp; &#8211; Fotografias do produto conclu\u00eddo<br>&nbsp; &#8211; Documenta\u00e7\u00e3o detalhando as decis\u00f5es de design e os materiais utilizados<br>&nbsp; &#8211; Explica\u00e7\u00e3o de como o projeto cumpre os crit\u00e9rios de avalia\u00e7\u00e3o<\/p>\n\n\n\n<figure class=\"wp-block-image size-large\"><img loading=\"lazy\" decoding=\"async\" width=\"1024\" height=\"576\" src=\"https:\/\/vetrine-monitoringtool.eu\/wp-content\/uploads\/2025\/04\/vetrine-timeline-1024x576.png\" alt=\"\" class=\"wp-image-142\" srcset=\"https:\/\/vetrine-monitoringtool.eu\/wp-content\/uploads\/2025\/04\/vetrine-timeline-1024x576.png 1024w, https:\/\/vetrine-monitoringtool.eu\/wp-content\/uploads\/2025\/04\/vetrine-timeline-300x169.png 300w, https:\/\/vetrine-monitoringtool.eu\/wp-content\/uploads\/2025\/04\/vetrine-timeline-768x432.png 768w, https:\/\/vetrine-monitoringtool.eu\/wp-content\/uploads\/2025\/04\/vetrine-timeline-1536x864.png 1536w, https:\/\/vetrine-monitoringtool.eu\/wp-content\/uploads\/2025\/04\/vetrine-timeline.png 1920w\" sizes=\"auto, (max-width: 1024px) 100vw, 1024px\" \/><\/figure>\n\n\n\n<p class=\"has-text-align-center\"><\/p>\n<\/div>\n\n\n\n<div class=\"wp-block-group alignfull is-layout-constrained wp-container-core-group-is-layout-3fee123f wp-block-group-is-layout-constrained\" id=\"whyus\" style=\"padding-top:144px;padding-bottom:144px\">\n<h2 class=\"wp-block-heading has-text-align-center\">Relat\u00f3rios mensais de progresso<\/h2>\n\n\n\n<p class=\"has-text-align-center\">Todos os meses, os formandos devem apresentar um breve relat\u00f3rio atrav\u00e9s da Ferramenta de Monitoriza\u00e7\u00e3o, descrevendo:<br><\/p>\n\n\n\n<div class=\"wp-block-columns alignfull are-vertically-aligned-center is-layout-flex wp-container-core-columns-is-layout-29aadeec wp-block-columns-is-layout-flex\" style=\"margin-top:60px\">\n<div class=\"wp-block-column is-vertically-aligned-center is-layout-flow wp-container-core-column-is-layout-6b73ce23 wp-block-column-is-layout-flow\">\n<figure class=\"wp-block-image aligncenter size-large\"><img decoding=\"async\" src=\"https:\/\/vetrine-monitoringtool.eu\/wp-content\/themes\/astra\/inc\/assets\/images\/starter-content\/passionate.svg\" alt=\"\" class=\"wp-image-162\"><\/figure>\n\n\n\n<h3 class=\"wp-block-heading has-text-align-center\" style=\"margin-top:16px\">Principais actividades realizadas&nbsp;<\/h3>\n\n\n\n<p><\/p>\n<\/div>\n\n\n\n<div class=\"wp-block-column is-vertically-aligned-center is-layout-flow wp-container-core-column-is-layout-6b73ce23 wp-block-column-is-layout-flow\">\n<figure class=\"wp-block-image aligncenter size-large\"><img decoding=\"async\" src=\"https:\/\/vetrine-monitoringtool.eu\/wp-content\/themes\/astra\/inc\/assets\/images\/starter-content\/professional.svg\" alt=\"\" class=\"wp-image-163\"><\/figure>\n\n\n\n<h3 class=\"wp-block-heading has-text-align-center\" style=\"margin-top:16px\">Desafios encontrados&nbsp;<\/h3>\n\n\n\n<p><\/p>\n<\/div>\n<\/div>\n\n\n\n<p class=\"has-text-align-center\">Os mentores analisar\u00e3o estas actualiza\u00e7\u00f5es e dar\u00e3o feedback \u00fatil para orientar o desenvolvimento cont\u00ednuo.<\/p>\n<\/div>\n\n\n\n<h2 class=\"wp-block-heading has-text-align-center\">Avalia\u00e7\u00e3o e vota\u00e7\u00e3o<\/h2>\n\n\n\n<p class=\"has-text-align-center\"><br>&#8211; At\u00e9 15 de janeiro de 2026 &#8211; Sele\u00e7\u00e3o dos 3 melhores candidatos por pa\u00eds (12 finalistas no total)&nbsp;<br>&#8211; Estes 12 finalistas ser\u00e3o publicados anonimamente no s\u00edtio Web VETRINE para vota\u00e7\u00e3o p\u00fablica<br>&#8211; At\u00e9 31 de janeiro de 2026 &#8211; Per\u00edodo de vota\u00e7\u00e3o online<br>&#8211; Os 3 projectos mais bem classificados ser\u00e3o declarados vencedores com base nos votos do p\u00fablico<br><br><\/p>\n\n\n\n<h2 class=\"wp-block-heading has-text-align-center\">Crit\u00e9rios de avalia\u00e7\u00e3o<\/h2>\n\n\n\n<p>1. Sustentabilidade &amp; Circularidade<\/p>\n\n\n\n<p>2. Inova\u00e7\u00e3o &amp; Criatividade<\/p>\n\n\n\n<p>3. Comunica\u00e7\u00e3o e transpar\u00eancia<\/p>\n\n\n\n<p>4. Pre\u00e7o e acessibilidade<\/p>\n\n\n\n<h2 class=\"wp-block-heading has-text-align-center\">Pr\u00e9mio<\/h2>\n\n\n\n<p class=\"has-text-align-center\"><br>Os tr\u00eas projectos mais votados ser\u00e3o declarados \u201cvencedores\u201d e os estudantes escolhidos ser\u00e3o convidados a apresentar os seus projectos na confer\u00eancia final do VETRINE, a realizar numa cidade europeia (local a definir). As despesas de desloca\u00e7\u00e3o e alojamento para a viagem ser\u00e3o totalmente cobertas.<br>Este evento dar\u00e1 destaque a artigos de moda sustent\u00e1veis excepcionais e oferecer\u00e1 oportunidades para os alunos interagirem com profissionais e colegas do sector. <\/p>\n\n\n\n<hr class=\"wp-block-separator has-alpha-channel-opacity\">\n\n\n\n<p><a id=\"_msocom_1\"><\/a><\/p>\n","protected":false},"excerpt":{"rendered":"<p>A Ferramenta de Monitoriza\u00e7\u00e3o ENTRE-FASHION, foi criada para apoiar os formandos do curso Green VETRINE e os mentores das empresas [&hellip;]<\/p>\n","protected":false},"author":1,"featured_media":0,"parent":0,"menu_order":0,"comment_status":"closed","ping_status":"closed","template":"","meta":{"site-sidebar-layout":"no-sidebar","site-content-layout":"plain-container","ast-site-content-layout":"","site-content-style":"default","site-sidebar-style":"default","ast-global-header-display":"","ast-banner-title-visibility":"","ast-main-header-display":"","ast-hfb-above-header-display":"","ast-hfb-below-header-display":"","ast-hfb-mobile-header-display":"","site-post-title":"disabled","ast-breadcrumbs-content":"","ast-featured-img":"","footer-sml-layout":"","theme-transparent-header-meta":"enabled","adv-header-id-meta":"","stick-header-meta":"","header-above-stick-meta":"","header-main-stick-meta":"","header-below-stick-meta":"","astra-migrate-meta-layouts":"default","ast-page-background-enabled":"default","ast-page-background-meta":{"desktop":{"background-color":"var(--ast-global-color-5)","background-image":"","background-repeat":"repeat","background-position":"center center","background-size":"auto","background-attachment":"scroll","background-type":"","background-media":"","overlay-type":"","overlay-color":"","overlay-opacity":"","overlay-gradient":""},"tablet":{"background-color":"","background-image":"","background-repeat":"repeat","background-position":"center center","background-size":"auto","background-attachment":"scroll","background-type":"","background-media":"","overlay-type":"","overlay-color":"","overlay-opacity":"","overlay-gradient":""},"mobile":{"background-color":"","background-image":"","background-repeat":"repeat","background-position":"center center","background-size":"auto","background-attachment":"scroll","background-type":"","background-media":"","overlay-type":"","overlay-color":"","overlay-opacity":"","overlay-gradient":""}},"ast-content-background-meta":{"desktop":{"background-color":"var(--ast-global-color-4)","background-image":"","background-repeat":"repeat","background-position":"center center","background-size":"auto","background-attachment":"scroll","background-type":"","background-media":"","overlay-type":"","overlay-color":"","overlay-opacity":"","overlay-gradient":""},"tablet":{"background-color":"var(--ast-global-color-4)","background-image":"","background-repeat":"repeat","background-position":"center center","background-size":"auto","background-attachment":"scroll","background-type":"","background-media":"","overlay-type":"","overlay-color":"","overlay-opacity":"","overlay-gradient":""},"mobile":{"background-color":"var(--ast-global-color-4)","background-image":"","background-repeat":"repeat","background-position":"center center","background-size":"auto","background-attachment":"scroll","background-type":"","background-media":"","overlay-type":"","overlay-color":"","overlay-opacity":"","overlay-gradient":""}},"footnotes":""},"class_list":["post-245","page","type-page","status-publish","hentry"],"_links":{"self":[{"href":"https:\/\/vetrine-monitoringtool.eu\/pt-pt\/wp-json\/wp\/v2\/pages\/245","targetHints":{"allow":["GET"]}}],"collection":[{"href":"https:\/\/vetrine-monitoringtool.eu\/pt-pt\/wp-json\/wp\/v2\/pages"}],"about":[{"href":"https:\/\/vetrine-monitoringtool.eu\/pt-pt\/wp-json\/wp\/v2\/types\/page"}],"author":[{"embeddable":true,"href":"https:\/\/vetrine-monitoringtool.eu\/pt-pt\/wp-json\/wp\/v2\/users\/1"}],"replies":[{"embeddable":true,"href":"https:\/\/vetrine-monitoringtool.eu\/pt-pt\/wp-json\/wp\/v2\/comments?post=245"}],"version-history":[{"count":0,"href":"https:\/\/vetrine-monitoringtool.eu\/pt-pt\/wp-json\/wp\/v2\/pages\/245\/revisions"}],"wp:attachment":[{"href":"https:\/\/vetrine-monitoringtool.eu\/pt-pt\/wp-json\/wp\/v2\/media?parent=245"}],"curies":[{"name":"wp","href":"https:\/\/api.w.org\/{rel}","templated":true}]}}