{"id":244,"date":"2025-03-12T15:02:18","date_gmt":"2025-03-12T15:02:18","guid":{"rendered":"https:\/\/vetrine-monitoringtool.eu\/apie-entre-fashion-procesa\/"},"modified":"2025-03-12T15:02:18","modified_gmt":"2025-03-12T15:02:18","slug":"apie-entre-fashion-procesa","status":"publish","type":"page","link":"https:\/\/vetrine-monitoringtool.eu\/lt\/apie-entre-fashion-procesa\/","title":{"rendered":"Apie Entre-Fashion proces\u0105"},"content":{"rendered":"\n<div class=\"wp-block-cover alignfull\" style=\"min-height:720px;aspect-ratio:unset;\"><span aria-hidden=\"true\" class=\"wp-block-cover__background has-background-dim-100 has-background-dim has-background-gradient\" style=\"background:linear-gradient(35deg,rgb(6,0,151) 0%,rgb(62,180,175) 38%,rgb(130,4,255) 72%,rgb(237,104,110) 100%)\"><\/span><div class=\"wp-block-cover__inner-container is-layout-flow wp-block-cover-is-layout-flow\">\n<div class=\"inherit-container-width wp-block-group alignwide is-layout-constrained wp-block-group-is-layout-constrained\">\n<div class=\"wp-block-media-text alignwide has-media-on-the-right is-stacked-on-mobile is-vertically-aligned-center\" style=\"grid-template-columns:auto 43%\"><div class=\"wp-block-media-text__content\">\n<h1 class=\"wp-block-heading has-text-align-left has-white-color has-text-color\">Apie Entre-Fashion proces\u0105<\/h1>\n<\/div><figure class=\"wp-block-media-text__media\"><img decoding=\"async\" src=\"https:\/\/vetrine-monitoringtool.eu\/wp-content\/themes\/astra\/inc\/assets\/images\/starter-content\/hero-img.svg\" alt=\"\" class=\"wp-image-118 size-full\"><\/figure><\/div>\n<\/div>\n<\/div><\/div>\n\n\n\n<p><\/p>\n\n\n\n<p>\u0160i platforma, ENTRE-FASHION steb\u0117jimo \u012frankis, buvo sukurta siekiant paremti Green VETRINE kurso absolventus ir j\u0173 mentorius vietin\u0117se tekstil\u0117s ir drabu\u017ei\u0173 \u012fmon\u0117se per 8 m\u0117nesius trunkan\u010di\u0105 tvaraus produkto k\u016brimo kelion\u0119. <br>\u0160is \u012frankis leid\u017eia dalyviams sekti pa\u017eang\u0105, gauti pritaikyt\u0105 atsiliepim\u0105 ir galiausiai pateikti savo k\u016brinius vie\u0161am balsavimui.<\/p>\n\n\n\n<p>Entre-Fashion Process\u201c sujungia k\u016brybi\u0161kum\u0105 su tvarumu mentoryst\u0117s procese, kuris suteikia besimokantiesiems realaus pasaulio patirties. Besimokantieji dalyvauja 8 m\u0117nesi\u0173 trukm\u0117s modeliavimo etape, vadovaujami mentori\u0173, siekdami konceptualizuoti ir realizuoti ekologi\u0161kus mados gaminius. <\/p>\n\n\n\n<div class=\"wp-block-group alignfull has-ast-global-color-5-background-color has-background is-layout-constrained wp-container-core-group-is-layout-9cedb757 wp-block-group-is-layout-constrained\" style=\"padding-bottom:0px\">\n<div class=\"wp-block-columns are-vertically-aligned-top is-layout-flex wp-container-core-columns-is-layout-00723822 wp-block-columns-is-layout-flex\">\n<div class=\"wp-block-column is-vertically-aligned-top is-layout-flow wp-container-core-column-is-layout-6b73ce23 wp-block-column-is-layout-flow\">\n<figure class=\"wp-block-image size-large\"><img decoding=\"async\" src=\"https:\/\/vetrine-monitoringtool.eu\/wp-content\/themes\/astra\/inc\/assets\/images\/starter-content\/building.svg\" alt=\"\" class=\"wp-image-134\"><\/figure>\n\n\n\n<h3 class=\"wp-block-heading has-text-align-left\" style=\"margin-top:16px\">M\u0117nesiniai besimokan\u010di\u0173j\u0173 pa\u017eangos atnaujinimai<\/h3>\n\n\n\n<p class=\"has-text-align-left\"><\/p>\n<\/div>\n\n\n\n<div class=\"wp-block-column is-vertically-aligned-top is-layout-flow wp-container-core-column-is-layout-6b73ce23 wp-block-column-is-layout-flow\">\n<figure class=\"wp-block-image size-large\"><img decoding=\"async\" src=\"https:\/\/vetrine-monitoringtool.eu\/wp-content\/themes\/astra\/inc\/assets\/images\/starter-content\/shopping-bag.svg\" alt=\"\" class=\"wp-image-135\"><\/figure>\n\n\n\n<h3 class=\"wp-block-heading has-text-align-left\" style=\"margin-top:16px\">Nuolatinis mentoriaus gr\u012f\u017etamasis ry\u0161ys<\/h3>\n\n\n\n<p class=\"has-text-align-left\"><\/p>\n<\/div>\n\n\n\n<div class=\"wp-block-column is-vertically-aligned-top is-layout-flow wp-container-core-column-is-layout-6b73ce23 wp-block-column-is-layout-flow\">\n<figure class=\"wp-block-image size-large\"><img decoding=\"async\" src=\"https:\/\/vetrine-monitoringtool.eu\/wp-content\/themes\/astra\/inc\/assets\/images\/starter-content\/blog.svg\" alt=\"\" class=\"wp-image-136\"><\/figure>\n\n\n\n<h3 class=\"wp-block-heading has-text-align-left\" style=\"margin-top:16px\">Kiekvieno projekto raidos steb\u0117jimas<\/h3>\n\n\n\n<p class=\"has-text-align-left\"><\/p>\n<\/div>\n\n\n\n<div class=\"wp-block-column is-vertically-aligned-top is-layout-flow wp-container-core-column-is-layout-6b73ce23 wp-block-column-is-layout-flow\">\n<figure class=\"wp-block-image size-large\"><img decoding=\"async\" src=\"https:\/\/vetrine-monitoringtool.eu\/wp-content\/themes\/astra\/inc\/assets\/images\/starter-content\/portfolio.svg\" alt=\"\" class=\"wp-image-137\"><\/figure>\n\n\n\n<h3 class=\"wp-block-heading has-text-align-left\" style=\"margin-top:16px\">Galimyb\u0117 balsuoti, siekiant nustatyti proceso nugal\u0117tojus (\u017er. Priz\u0105 \u017eemiau)<\/h3>\n<\/div>\n<\/div>\n<\/div>\n\n\n\n<div class=\"wp-block-group alignfull has-ast-global-color-5-background-color has-background is-layout-constrained wp-container-core-group-is-layout-94d206d0 wp-block-group-is-layout-constrained\" id=\"about\" style=\"padding-top:143px;padding-bottom:144px\">\n<div class=\"wp-block-media-text has-media-on-the-right is-stacked-on-mobile is-vertically-aligned-center\"><div class=\"wp-block-media-text__content\">\n<div class=\"inherit-container-width wp-block-group is-layout-constrained wp-container-core-group-is-layout-47ce07ec wp-block-group-is-layout-constrained\" style=\"padding-right:80px\">\n<h2 class=\"wp-block-heading\" style=\"padding-right:40px\">Dalyvavimo \u201eEntre-Fashion\u201c procese taisykl\u0117s Tinkamumas<\/h2>\n\n\n\n<p><\/p>\n\n\n\n<p><br>Nor\u0117dami dalyvauti, kandidatai privalo:<br>\u2022 S\u0117kmingai baig\u0117 VETRINE geb\u0117jim\u0173 ugdymo program\u0105 \u201e\u017dalioji VETRINE\u201c.<br>\u2022 Iki 2025 m. gegu\u017e\u0117s 15 d. pateikite parai\u0161kos dokumentacij\u0105, \u012fskaitant:<br>&nbsp; &#8211; Asmeninis motyvacijos parei\u0161kimas<br>&nbsp; &#8211; A preliminary design concept<br>&nbsp; &#8211; Trumpa tvarumo ir rinkos galimybi\u0173 analiz\u0117<br>&nbsp; &#8211; Laikinas veiklos kalendorius, skirtas planuoti proces\u0105 ir apibr\u0117\u017eti pagrindinius etapus<br>\u2022 Dokumentacija turi b\u016bti oficialiai adresuota su rinka susijusiai organizacijai kiekvienoje \u0161alyje. Patikrinkite \u010dia pateikt\u0105 kontakt\u0173 s\u0105ra\u0161\u0105. <\/p>\n\n\n\n<hr class=\"wp-block-separator has-alpha-channel-opacity\">\n\n\n\n<p><a id=\"_msocom_1\"><\/a><\/p>\n\n\n\n<p>&nbsp;<\/p>\n<\/div>\n<\/div><figure class=\"wp-block-media-text__media\"><img decoding=\"async\" src=\"https:\/\/vetrine-monitoringtool.eu\/wp-content\/themes\/astra\/inc\/assets\/images\/starter-content\/about-us.jpg\" alt=\"\" class=\"wp-image-237 size-full\"><\/figure><\/div>\n<\/div>\n\n\n\n<div class=\"wp-block-group alignfull has-ast-global-color-4-background-color has-background is-layout-constrained wp-container-core-group-is-layout-6a2cfb7b wp-block-group-is-layout-constrained\" id=\"reviews\">\n<p class=\"has-text-align-center\" style=\"font-size:38px;line-height:1.6\">Laiko juosta<\/p>\n\n\n\n<p class=\"has-text-align-center\">\u2022 2025 m. gegu\u017e\u0117s 15 d. \u2013 parai\u0161k\u0173 teikimo terminas&nbsp;<br>\u2022 2025 m. gegu\u017e\u0117s m\u0117n. pabaiga \u2013 Prane\u0161imas apie atrankos rezultatus ir mentoriaus paskyrim\u0105&nbsp;<br>\u2022 2025 m. bir\u017eelio \u2013 gruod\u017eio m\u0117n. \u2013 k\u016brimo ir gamybos etapas. Besimokantieji kuria savo produkt\u0105 pagal patvirtint\u0105 plan\u0105, \u012ftraukdami mentoriaus pasi\u016blymus. Koregavimai leid\u017eiami, jei tai pagr\u012fsta.  &nbsp;<br>\u2022 2025 m. gruod\u017eio 31 d. \u2013 galutinis pateikimo terminas:<br>&nbsp; &#8211; U\u017ebaigto gaminio nuotraukos<br>&nbsp; &#8211; Dokumentacija, kurioje i\u0161samiai apra\u0161omi projektavimo sprendimai ir naudojamos med\u017eiagos<br>&nbsp; &#8211; Paai\u0161kinimas, kaip projektas atitinka vertinimo kriterijus<\/p>\n\n\n\n<figure class=\"wp-block-image size-large\"><img loading=\"lazy\" decoding=\"async\" width=\"1024\" height=\"576\" src=\"https:\/\/vetrine-monitoringtool.eu\/wp-content\/uploads\/2025\/04\/vetrine-timeline-1024x576.png\" alt=\"\" class=\"wp-image-142\" srcset=\"https:\/\/vetrine-monitoringtool.eu\/wp-content\/uploads\/2025\/04\/vetrine-timeline-1024x576.png 1024w, https:\/\/vetrine-monitoringtool.eu\/wp-content\/uploads\/2025\/04\/vetrine-timeline-300x169.png 300w, https:\/\/vetrine-monitoringtool.eu\/wp-content\/uploads\/2025\/04\/vetrine-timeline-768x432.png 768w, https:\/\/vetrine-monitoringtool.eu\/wp-content\/uploads\/2025\/04\/vetrine-timeline-1536x864.png 1536w, https:\/\/vetrine-monitoringtool.eu\/wp-content\/uploads\/2025\/04\/vetrine-timeline.png 1920w\" sizes=\"auto, (max-width: 1024px) 100vw, 1024px\" \/><\/figure>\n\n\n\n<p class=\"has-text-align-center\"><\/p>\n<\/div>\n\n\n\n<div class=\"wp-block-group alignfull is-layout-constrained wp-container-core-group-is-layout-3fee123f wp-block-group-is-layout-constrained\" id=\"whyus\" style=\"padding-top:144px;padding-bottom:144px\">\n<h2 class=\"wp-block-heading has-text-align-center\">M\u0117nesio pa\u017eangos ataskaitos<\/h2>\n\n\n\n<p class=\"has-text-align-center\">Kiekvien\u0105 m\u0117nes\u012f besimokantieji turi pateikti trump\u0105 ataskait\u0105 per steb\u0117senos priemon\u0119, kurioje apra\u0161o:<br><\/p>\n\n\n\n<div class=\"wp-block-columns alignfull are-vertically-aligned-center is-layout-flex wp-container-core-columns-is-layout-29aadeec wp-block-columns-is-layout-flex\" style=\"margin-top:60px\">\n<div class=\"wp-block-column is-vertically-aligned-center is-layout-flow wp-container-core-column-is-layout-6b73ce23 wp-block-column-is-layout-flow\">\n<figure class=\"wp-block-image aligncenter size-large\"><img decoding=\"async\" src=\"https:\/\/vetrine-monitoringtool.eu\/wp-content\/themes\/astra\/inc\/assets\/images\/starter-content\/passionate.svg\" alt=\"\" class=\"wp-image-162\"><\/figure>\n\n\n\n<h3 class=\"wp-block-heading has-text-align-center\" style=\"margin-top:16px\">Pagrindin\u0117 vykdyta veikla&nbsp;<\/h3>\n\n\n\n<p><\/p>\n<\/div>\n\n\n\n<div class=\"wp-block-column is-vertically-aligned-center is-layout-flow wp-container-core-column-is-layout-6b73ce23 wp-block-column-is-layout-flow\">\n<figure class=\"wp-block-image aligncenter size-large\"><img decoding=\"async\" src=\"https:\/\/vetrine-monitoringtool.eu\/wp-content\/themes\/astra\/inc\/assets\/images\/starter-content\/professional.svg\" alt=\"\" class=\"wp-image-163\"><\/figure>\n\n\n\n<h3 class=\"wp-block-heading has-text-align-center\" style=\"margin-top:16px\">I\u0161kil\u0119 i\u0161\u0161\u016bkiai&nbsp;<\/h3>\n\n\n\n<p><\/p>\n<\/div>\n<\/div>\n\n\n\n<p class=\"has-text-align-center\">Mentoriai per\u017ei\u016br\u0117s \u0161iuos atnaujinimus ir pateiks nauding\u0105 gr\u012f\u017etam\u0105j\u0105 informacij\u0105, kad b\u016bt\u0173 galima nuolat tobul\u0117ti.<\/p>\n<\/div>\n\n\n\n<h2 class=\"wp-block-heading has-text-align-center\">Vertinimas ir balsavimas<\/h2>\n\n\n\n<p class=\"has-text-align-center\"><br>&#8211; Iki 2026 m. sausio 15 d. &#8211; atrinkti 3 geriausi kiekvienos \u0161alies kandidatai (i\u0161 viso 12 finalinink\u0173)&nbsp;<br>&#8211; \u0160ie 12 finalinink\u0173 bus anonimi\u0161kai paskelbti VETRINE interneto svetain\u0117je, kad u\u017e juos gal\u0117t\u0173 balsuoti visuomen\u0117&nbsp;<br>&#8211; Iki 2026 m. sausio 31 d. &#8211; balsavimo internetu laikotarpis<br>&#8211; 3 geriausiai \u012fvertinti projektai bus paskelbti nugal\u0117tojais, atsi\u017evelgiant \u012f visuomen\u0117s balsus<br><br><\/p>\n\n\n\n<h2 class=\"wp-block-heading has-text-align-center\">Vertinimo kriterijai<\/h2>\n\n\n\n<p>1. Tvarumas ir \u017eiedi\u0161kumas<\/p>\n\n\n\n<p>2. Inovacijos ir k\u016brybi\u0161kumas<\/p>\n\n\n\n<p>3. Bendravimas ir amp; skaidrumas<\/p>\n\n\n\n<p>4. Kaina ir prieinamumas<\/p>\n\n\n\n<h2 class=\"wp-block-heading has-text-align-center\">Prizas<\/h2>\n\n\n\n<p class=\"has-text-align-center\"><br>Trys daugiausiai bals\u0173 surink\u0119 projektai bus paskelbti nugal\u0117tojais, o atrinkti studentai bus pakviesti pristatyti savo projektus baigiamojoje VETRINE konferencijoje, kuri vyks viename i\u0161 Europos miest\u0173 (vieta nenurodyta). Kelion\u0117s ir apgyvendinimo i\u0161laidos bus visi\u0161kai padengtos.<br>\u0160iame renginyje bus atkreiptas d\u0117mesys \u012f i\u0161skirtinius tvarios mados gaminius, o besimokantieji tur\u0117s galimyb\u0119 bendrauti su \u0161ios pramon\u0117s srities profesionalais ir bendraam\u017eiais. <\/p>\n\n\n\n<hr class=\"wp-block-separator has-alpha-channel-opacity\">\n\n\n\n<p><a id=\"_msocom_1\"><\/a><\/p>\n","protected":false},"excerpt":{"rendered":"<p>\u0160i platforma, ENTRE-FASHION steb\u0117jimo \u012frankis, buvo sukurta siekiant paremti Green VETRINE kurso absolventus ir j\u0173 mentorius vietin\u0117se tekstil\u0117s ir drabu\u017ei\u0173 [&hellip;]<\/p>\n","protected":false},"author":1,"featured_media":0,"parent":0,"menu_order":0,"comment_status":"closed","ping_status":"closed","template":"","meta":{"site-sidebar-layout":"no-sidebar","site-content-layout":"plain-container","ast-site-content-layout":"","site-content-style":"default","site-sidebar-style":"default","ast-global-header-display":"","ast-banner-title-visibility":"","ast-main-header-display":"","ast-hfb-above-header-display":"","ast-hfb-below-header-display":"","ast-hfb-mobile-header-display":"","site-post-title":"disabled","ast-breadcrumbs-content":"","ast-featured-img":"","footer-sml-layout":"","theme-transparent-header-meta":"enabled","adv-header-id-meta":"","stick-header-meta":"","header-above-stick-meta":"","header-main-stick-meta":"","header-below-stick-meta":"","astra-migrate-meta-layouts":"default","ast-page-background-enabled":"default","ast-page-background-meta":{"desktop":{"background-color":"var(--ast-global-color-5)","background-image":"","background-repeat":"repeat","background-position":"center center","background-size":"auto","background-attachment":"scroll","background-type":"","background-media":"","overlay-type":"","overlay-color":"","overlay-opacity":"","overlay-gradient":""},"tablet":{"background-color":"","background-image":"","background-repeat":"repeat","background-position":"center center","background-size":"auto","background-attachment":"scroll","background-type":"","background-media":"","overlay-type":"","overlay-color":"","overlay-opacity":"","overlay-gradient":""},"mobile":{"background-color":"","background-image":"","background-repeat":"repeat","background-position":"center center","background-size":"auto","background-attachment":"scroll","background-type":"","background-media":"","overlay-type":"","overlay-color":"","overlay-opacity":"","overlay-gradient":""}},"ast-content-background-meta":{"desktop":{"background-color":"var(--ast-global-color-4)","background-image":"","background-repeat":"repeat","background-position":"center center","background-size":"auto","background-attachment":"scroll","background-type":"","background-media":"","overlay-type":"","overlay-color":"","overlay-opacity":"","overlay-gradient":""},"tablet":{"background-color":"var(--ast-global-color-4)","background-image":"","background-repeat":"repeat","background-position":"center center","background-size":"auto","background-attachment":"scroll","background-type":"","background-media":"","overlay-type":"","overlay-color":"","overlay-opacity":"","overlay-gradient":""},"mobile":{"background-color":"var(--ast-global-color-4)","background-image":"","background-repeat":"repeat","background-position":"center center","background-size":"auto","background-attachment":"scroll","background-type":"","background-media":"","overlay-type":"","overlay-color":"","overlay-opacity":"","overlay-gradient":""}},"footnotes":""},"class_list":["post-244","page","type-page","status-publish","hentry"],"_links":{"self":[{"href":"https:\/\/vetrine-monitoringtool.eu\/lt\/wp-json\/wp\/v2\/pages\/244","targetHints":{"allow":["GET"]}}],"collection":[{"href":"https:\/\/vetrine-monitoringtool.eu\/lt\/wp-json\/wp\/v2\/pages"}],"about":[{"href":"https:\/\/vetrine-monitoringtool.eu\/lt\/wp-json\/wp\/v2\/types\/page"}],"author":[{"embeddable":true,"href":"https:\/\/vetrine-monitoringtool.eu\/lt\/wp-json\/wp\/v2\/users\/1"}],"replies":[{"embeddable":true,"href":"https:\/\/vetrine-monitoringtool.eu\/lt\/wp-json\/wp\/v2\/comments?post=244"}],"version-history":[{"count":0,"href":"https:\/\/vetrine-monitoringtool.eu\/lt\/wp-json\/wp\/v2\/pages\/244\/revisions"}],"wp:attachment":[{"href":"https:\/\/vetrine-monitoringtool.eu\/lt\/wp-json\/wp\/v2\/media?parent=244"}],"curies":[{"name":"wp","href":"https:\/\/api.w.org\/{rel}","templated":true}]}}