{"id":242,"date":"2025-03-12T15:02:18","date_gmt":"2025-03-12T15:02:18","guid":{"rendered":"https:\/\/vetrine-monitoringtool.eu\/pleins-feux-sur-entrefashion-2\/"},"modified":"2025-04-25T09:22:07","modified_gmt":"2025-04-25T09:22:07","slug":"pleins-feux-sur-entrefashion-2","status":"publish","type":"page","link":"https:\/\/vetrine-monitoringtool.eu\/fr\/pleins-feux-sur-entrefashion-2\/","title":{"rendered":"Pleins feux sur Entrefashion"},"content":{"rendered":"\n<div class=\"wp-block-cover alignfull\" style=\"min-height:720px;aspect-ratio:unset;\"><span aria-hidden=\"true\" class=\"wp-block-cover__background has-background-dim-100 has-background-dim has-background-gradient\" style=\"background:linear-gradient(35deg,rgb(6,0,151) 0%,rgb(62,180,175) 38%,rgb(130,4,255) 72%,rgb(237,104,110) 100%)\"><\/span><div class=\"wp-block-cover__inner-container is-layout-flow wp-block-cover-is-layout-flow\">\n<div class=\"inherit-container-width wp-block-group alignwide is-layout-constrained wp-block-group-is-layout-constrained\">\n<div class=\"wp-block-media-text alignwide has-media-on-the-right is-stacked-on-mobile is-vertically-aligned-center\" style=\"grid-template-columns:auto 43%\"><div class=\"wp-block-media-text__content\">\n<h1 class=\"wp-block-heading has-text-align-left has-white-color has-text-color\">\u00c0 propos du processus Entre-Fashion<\/h1>\n<\/div><figure class=\"wp-block-media-text__media\"><img decoding=\"async\" src=\"https:\/\/vetrine-monitoringtool.eu\/wp-content\/themes\/astra\/inc\/assets\/images\/starter-content\/hero-img.svg\" alt=\"\" class=\"wp-image-118 size-full\"\/><\/figure><\/div>\n<\/div>\n<\/div><\/div>\n\n\n\n<p><\/p>\n\n\n\n<p>Cette plateforme, l\u2019outil de suivi ENTRE-FASHION, a \u00e9t\u00e9 cr\u00e9\u00e9e pour soutenir les dipl\u00f4m\u00e9s du programme Green VETRINE et leurs mentors issus d\u2019entreprises locales du secteur textile et de l\u2019habillement, tout au long d\u2019un parcours de co-cr\u00e9ation de produits durables d\u2019une dur\u00e9e de 8 mois.<br>Cet outil permet aux participants de suivre leurs progr\u00e8s, de recevoir des retours personnalis\u00e9s et, au final, de pr\u00e9senter leurs cr\u00e9ations au vote du public.<\/p>\n\n\n\n<p>Le Processus Entre-Fashion allie cr\u00e9ativit\u00e9 et d\u00e9veloppement durable dans un processus de mentorat qui offre aux apprenants une exp\u00e9rience concr\u00e8te. Guid\u00e9s par leurs mentors, les apprenants participent \u00e0 une phase de simulation de 8 mois pour conceptualiser et r\u00e9aliser des articles de mode \u00e9co-responsables. <\/p>\n\n\n\n<div class=\"wp-block-group alignfull has-ast-global-color-5-background-color has-background is-layout-constrained wp-container-core-group-is-layout-9cedb757 wp-block-group-is-layout-constrained\" style=\"padding-bottom:0px\">\n<div class=\"wp-block-columns are-vertically-aligned-top is-layout-flex wp-container-core-columns-is-layout-00723822 wp-block-columns-is-layout-flex\">\n<div class=\"wp-block-column is-vertically-aligned-top is-layout-flow wp-container-core-column-is-layout-6b73ce23 wp-block-column-is-layout-flow\">\n<figure class=\"wp-block-image size-large\"><img decoding=\"async\" src=\"https:\/\/vetrine-monitoringtool.eu\/wp-content\/themes\/astra\/inc\/assets\/images\/starter-content\/building.svg\" alt=\"\" class=\"wp-image-134\"\/><\/figure>\n\n\n\n<h3 class=\"wp-block-heading has-text-align-left\" style=\"margin-top:16px\">Des mises \u00e0 jour mensuelles par les apprenants<\/h3>\n\n\n\n<p class=\"has-text-align-left\"><\/p>\n<\/div>\n\n\n\n<div class=\"wp-block-column is-vertically-aligned-top is-layout-flow wp-container-core-column-is-layout-6b73ce23 wp-block-column-is-layout-flow\">\n<figure class=\"wp-block-image size-large\"><img decoding=\"async\" src=\"https:\/\/vetrine-monitoringtool.eu\/wp-content\/themes\/astra\/inc\/assets\/images\/starter-content\/shopping-bag.svg\" alt=\"\" class=\"wp-image-135\"\/><\/figure>\n\n\n\n<h3 class=\"wp-block-heading has-text-align-left\" style=\"margin-top:16px\">Des retours continus de la part des mentors<\/h3>\n\n\n\n<p class=\"has-text-align-left\"><\/p>\n<\/div>\n\n\n\n<div class=\"wp-block-column is-vertically-aligned-top is-layout-flow wp-container-core-column-is-layout-6b73ce23 wp-block-column-is-layout-flow\">\n<figure class=\"wp-block-image size-large\"><img decoding=\"async\" src=\"https:\/\/vetrine-monitoringtool.eu\/wp-content\/themes\/astra\/inc\/assets\/images\/starter-content\/blog.svg\" alt=\"\" class=\"wp-image-136\"\/><\/figure>\n\n\n\n<h3 class=\"wp-block-heading has-text-align-left\" style=\"margin-top:16px\">Le suivi de l\u2019\u00e9volution de chaque projet<\/h3>\n\n\n\n<p class=\"has-text-align-left\"><\/p>\n<\/div>\n\n\n\n<div class=\"wp-block-column is-vertically-aligned-top is-layout-flow wp-container-core-column-is-layout-6b73ce23 wp-block-column-is-layout-flow\">\n<figure class=\"wp-block-image size-large\"><img decoding=\"async\" src=\"https:\/\/vetrine-monitoringtool.eu\/wp-content\/themes\/astra\/inc\/assets\/images\/starter-content\/portfolio.svg\" alt=\"\" class=\"wp-image-137\"\/><\/figure>\n\n\n\n<h3 class=\"wp-block-heading has-text-align-left\" style=\"margin-top:16px\">La possibilit\u00e9 de voter pour d\u00e9signer les laur\u00e9ats du processus (voir la section \u201cPrix\u201d)<\/h3>\n<\/div>\n<\/div>\n<\/div>\n\n\n\n<div class=\"wp-block-group alignfull has-ast-global-color-5-background-color has-background is-layout-constrained wp-container-core-group-is-layout-94d206d0 wp-block-group-is-layout-constrained\" id=\"about\" style=\"padding-top:143px;padding-bottom:144px\">\n<div class=\"wp-block-media-text has-media-on-the-right is-stacked-on-mobile is-vertically-aligned-center\"><div class=\"wp-block-media-text__content\">\n<div class=\"inherit-container-width wp-block-group is-layout-constrained wp-container-core-group-is-layout-47ce07ec wp-block-group-is-layout-constrained\" style=\"padding-right:80px\">\n<h2 class=\"wp-block-heading\" style=\"padding-right:40px\">R\u00e8gles de participation au processus Entre-Fashion<br>\u00c9ligibilit\u00e9<\/h2>\n\n\n\n<p><\/p>\n\n\n\n<p>Pour participer, les candidats doivent:<br> &#8211; Avoir valid\u00e9 avec succ\u00e8s le programme de renforcement des capacit\u00e9s Green VETRINE<br> &#8211; Soumettre un dossier de candidature au plus tard le 15 mai 2025, comprenant :<br><br><br>\u00a0 &#8211; Une lettre de motivation personnelle<br>\u00a0 &#8211; Un concept de design pr\u00e9liminaire<br>\u00a0 &#8211; Une br\u00e8ve analyse de durabilit\u00e9 et de faisabilit\u00e9 sur le march\u00e9<br>\u00a0 &#8211; Un calendrier pr\u00e9visionnel pour planifier le processus et d\u00e9finir les \u00e9tapes cl\u00e9s<br> &#8211; Le dossier doit \u00eatre adress\u00e9 formellement \u00e0 l\u2019organisation partenaire en lien avec le march\u00e9 dans chaque pays. Consultez la liste de contacts ici..<\/p>\n\n\n\n<hr class=\"wp-block-separator has-alpha-channel-opacity\"\/>\n\n\n\n<p><a id=\"_msocom_1\"><\/a><\/p>\n\n\n\n<p>&nbsp;<\/p>\n<\/div>\n<\/div><figure class=\"wp-block-media-text__media\"><img decoding=\"async\" src=\"https:\/\/vetrine-monitoringtool.eu\/wp-content\/themes\/astra\/inc\/assets\/images\/starter-content\/about-us.jpg\" alt=\"\" class=\"wp-image-237 size-full\"\/><\/figure><\/div>\n<\/div>\n\n\n\n<div class=\"wp-block-group alignfull has-ast-global-color-4-background-color has-background is-layout-constrained wp-container-core-group-is-layout-6a2cfb7b wp-block-group-is-layout-constrained\" id=\"reviews\">\n<p class=\"has-text-align-center\" style=\"font-size:38px;line-height:1.6\">Calendrier<\/p>\n\n\n\n<p class=\"has-text-align-center\">\u2022 15 mai 2025 \u2013 Date limite de d\u00e9p\u00f4t des candidatures<br>\u2022 Fin mai 2025 \u2013 Annonce des r\u00e9sultats de la s\u00e9lection et attribution des mentors\u00a0<br>\u2022 Juin \u00e0 d\u00e9cembre 2025 \u2013 Phase de d\u00e9veloppement et de production. Les apprenants d\u00e9veloppent leur produit selon le plan valid\u00e9, en int\u00e9grant les conseils de leur mentor. Des ajustements sont possibles s\u2019ils sont justifi\u00e9s.<br>\u2022 31 d\u00e9cembre 2025 \u2013 Date limite de soumission finale :<br>\u00a0 &#8211; Photos du produit fini<br>\u00a0 &#8211; Documentation d\u00e9crivant les choix de design et les mat\u00e9riaux utilis\u00e9s<br>\u00a0 &#8211; Explication de la mani\u00e8re dont le projet r\u00e9pond aux crit\u00e8res d\u2019\u00e9valuation<\/p>\n\n\n\n<figure class=\"wp-block-image size-large\"><img loading=\"lazy\" decoding=\"async\" width=\"1024\" height=\"576\" src=\"https:\/\/vetrine-monitoringtool.eu\/wp-content\/uploads\/2025\/04\/vetrine-timeline-1024x576.png\" alt=\"\" class=\"wp-image-142\" srcset=\"https:\/\/vetrine-monitoringtool.eu\/wp-content\/uploads\/2025\/04\/vetrine-timeline-1024x576.png 1024w, https:\/\/vetrine-monitoringtool.eu\/wp-content\/uploads\/2025\/04\/vetrine-timeline-300x169.png 300w, https:\/\/vetrine-monitoringtool.eu\/wp-content\/uploads\/2025\/04\/vetrine-timeline-768x432.png 768w, https:\/\/vetrine-monitoringtool.eu\/wp-content\/uploads\/2025\/04\/vetrine-timeline-1536x864.png 1536w, https:\/\/vetrine-monitoringtool.eu\/wp-content\/uploads\/2025\/04\/vetrine-timeline.png 1920w\" sizes=\"auto, (max-width: 1024px) 100vw, 1024px\" \/><\/figure>\n\n\n\n<p class=\"has-text-align-center\"><\/p>\n<\/div>\n\n\n\n<div class=\"wp-block-group alignfull is-layout-constrained wp-container-core-group-is-layout-3fee123f wp-block-group-is-layout-constrained\" id=\"whyus\" style=\"padding-top:144px;padding-bottom:144px\">\n<h2 class=\"wp-block-heading has-text-align-center\">Rapports mensuels d&#8217;avancement<\/h2>\n\n\n\n<p class=\"has-text-align-center\">Chaque mois, les apprenants doivent soumettre un bref rapport via l&#8217;outil de suivi, d\u00e9crivant :<br><\/p>\n\n\n\n<div class=\"wp-block-columns alignfull are-vertically-aligned-center is-layout-flex wp-container-core-columns-is-layout-29aadeec wp-block-columns-is-layout-flex\" style=\"margin-top:60px\">\n<div class=\"wp-block-column is-vertically-aligned-center is-layout-flow wp-container-core-column-is-layout-6b73ce23 wp-block-column-is-layout-flow\">\n<figure class=\"wp-block-image aligncenter size-large\"><img decoding=\"async\" src=\"https:\/\/vetrine-monitoringtool.eu\/wp-content\/themes\/astra\/inc\/assets\/images\/starter-content\/passionate.svg\" alt=\"\" class=\"wp-image-162\"\/><\/figure>\n\n\n\n<h3 class=\"wp-block-heading has-text-align-center\" style=\"margin-top:16px\">Principales activit\u00e9s r\u00e9alis\u00e9es&nbsp;<\/h3>\n\n\n\n<p><\/p>\n<\/div>\n\n\n\n<div class=\"wp-block-column is-vertically-aligned-center is-layout-flow wp-container-core-column-is-layout-6b73ce23 wp-block-column-is-layout-flow\">\n<figure class=\"wp-block-image aligncenter size-large\"><img decoding=\"async\" src=\"https:\/\/vetrine-monitoringtool.eu\/wp-content\/themes\/astra\/inc\/assets\/images\/starter-content\/professional.svg\" alt=\"\" class=\"wp-image-163\"\/><\/figure>\n\n\n\n<h3 class=\"wp-block-heading has-text-align-center\" style=\"margin-top:16px\">D\u00e9fis rencontr\u00e9s&nbsp;<\/h3>\n\n\n\n<p><\/p>\n<\/div>\n<\/div>\n\n\n\n<p class=\"has-text-align-center\">Les mentors examineront ces mises \u00e0 jour et fourniront un retour d&#8217;information exploitable pour guider le d\u00e9veloppement continu.<\/p>\n<\/div>\n\n\n\n<h2 class=\"wp-block-heading has-text-align-center\">\u00c9valuation et vote<\/h2>\n\n\n\n<p class=\"has-text-align-center\"><br>&#8211; Avant le 15 janvier 2026 &#8211; S\u00e9lection des 3 meilleurs candidats par pays (12 finalistes au total)&nbsp;<br>&#8211; Ces 12 finalistes seront publi\u00e9s de mani\u00e8re anonyme sur le site web de VETRINE pour un vote public&nbsp;<br>&#8211; Jusqu&#8217;au 31 janvier 2026 &#8211; P\u00e9riode de vote en ligne<br>&#8211; Les 3 projets les mieux not\u00e9s seront d\u00e9clar\u00e9s gagnants sur la base des votes du public.<br><br><\/p>\n\n\n\n<h2 class=\"wp-block-heading has-text-align-center\">Crit\u00e8res d&#8217;\u00e9valuation<\/h2>\n\n\n\n<p>1. Durabilit\u00e9 &amp; ; Circularit\u00e9<\/p>\n\n\n\n<p>2. Innovation et cr\u00e9ativit\u00e9<\/p>\n\n\n\n<p>3. Communication et transparence<\/p>\n\n\n\n<p>4. Prix et accessibilit\u00e9<\/p>\n\n\n\n<h2 class=\"wp-block-heading has-text-align-center\">Prix<\/h2>\n\n\n\n<p class=\"has-text-align-center\"><br>Les trois projets les plus vot\u00e9s seront d\u00e9clar\u00e9s \u00ab gagnants \u00bb et les \u00e9tudiants choisis seront invit\u00e9s \u00e0 pr\u00e9senter leurs projets lors de la conf\u00e9rence finale VETRINE, qui se tiendra dans une ville europ\u00e9enne (lieu \u00e0 d\u00e9terminer). Les frais de voyage et d&#8217;h\u00e9bergement seront enti\u00e8rement pris en charge.<br>Cet \u00e9v\u00e9nement mettra en lumi\u00e8re des articles de mode durable exceptionnels et offrira aux apprenants la possibilit\u00e9 de rencontrer des professionnels et des pairs du secteur. <\/p>\n\n\n\n<hr class=\"wp-block-separator has-alpha-channel-opacity\"\/>\n\n\n\n<p><a id=\"_msocom_1\"><\/a><\/p>\n","protected":false},"excerpt":{"rendered":"<p>Cette plateforme, l\u2019outil de suivi ENTRE-FASHION, a \u00e9t\u00e9 cr\u00e9\u00e9e pour soutenir les dipl\u00f4m\u00e9s du programme Green VETRINE et leurs mentors [&hellip;]<\/p>\n","protected":false},"author":1,"featured_media":0,"parent":0,"menu_order":0,"comment_status":"closed","ping_status":"closed","template":"","meta":{"site-sidebar-layout":"no-sidebar","site-content-layout":"plain-container","ast-site-content-layout":"","site-content-style":"default","site-sidebar-style":"default","ast-global-header-display":"","ast-banner-title-visibility":"","ast-main-header-display":"","ast-hfb-above-header-display":"","ast-hfb-below-header-display":"","ast-hfb-mobile-header-display":"","site-post-title":"disabled","ast-breadcrumbs-content":"","ast-featured-img":"","footer-sml-layout":"","theme-transparent-header-meta":"enabled","adv-header-id-meta":"","stick-header-meta":"","header-above-stick-meta":"","header-main-stick-meta":"","header-below-stick-meta":"","astra-migrate-meta-layouts":"default","ast-page-background-enabled":"default","ast-page-background-meta":{"desktop":{"background-color":"var(--ast-global-color-5)","background-image":"","background-repeat":"repeat","background-position":"center center","background-size":"auto","background-attachment":"scroll","background-type":"","background-media":"","overlay-type":"","overlay-color":"","overlay-opacity":"","overlay-gradient":""},"tablet":{"background-color":"","background-image":"","background-repeat":"repeat","background-position":"center center","background-size":"auto","background-attachment":"scroll","background-type":"","background-media":"","overlay-type":"","overlay-color":"","overlay-opacity":"","overlay-gradient":""},"mobile":{"background-color":"","background-image":"","background-repeat":"repeat","background-position":"center center","background-size":"auto","background-attachment":"scroll","background-type":"","background-media":"","overlay-type":"","overlay-color":"","overlay-opacity":"","overlay-gradient":""}},"ast-content-background-meta":{"desktop":{"background-color":"var(--ast-global-color-4)","background-image":"","background-repeat":"repeat","background-position":"center center","background-size":"auto","background-attachment":"scroll","background-type":"","background-media":"","overlay-type":"","overlay-color":"","overlay-opacity":"","overlay-gradient":""},"tablet":{"background-color":"var(--ast-global-color-4)","background-image":"","background-repeat":"repeat","background-position":"center center","background-size":"auto","background-attachment":"scroll","background-type":"","background-media":"","overlay-type":"","overlay-color":"","overlay-opacity":"","overlay-gradient":""},"mobile":{"background-color":"var(--ast-global-color-4)","background-image":"","background-repeat":"repeat","background-position":"center center","background-size":"auto","background-attachment":"scroll","background-type":"","background-media":"","overlay-type":"","overlay-color":"","overlay-opacity":"","overlay-gradient":""}},"footnotes":""},"class_list":["post-242","page","type-page","status-publish","hentry"],"_links":{"self":[{"href":"https:\/\/vetrine-monitoringtool.eu\/fr\/wp-json\/wp\/v2\/pages\/242","targetHints":{"allow":["GET"]}}],"collection":[{"href":"https:\/\/vetrine-monitoringtool.eu\/fr\/wp-json\/wp\/v2\/pages"}],"about":[{"href":"https:\/\/vetrine-monitoringtool.eu\/fr\/wp-json\/wp\/v2\/types\/page"}],"author":[{"embeddable":true,"href":"https:\/\/vetrine-monitoringtool.eu\/fr\/wp-json\/wp\/v2\/users\/1"}],"replies":[{"embeddable":true,"href":"https:\/\/vetrine-monitoringtool.eu\/fr\/wp-json\/wp\/v2\/comments?post=242"}],"version-history":[{"count":1,"href":"https:\/\/vetrine-monitoringtool.eu\/fr\/wp-json\/wp\/v2\/pages\/242\/revisions"}],"predecessor-version":[{"id":448,"href":"https:\/\/vetrine-monitoringtool.eu\/fr\/wp-json\/wp\/v2\/pages\/242\/revisions\/448"}],"wp:attachment":[{"href":"https:\/\/vetrine-monitoringtool.eu\/fr\/wp-json\/wp\/v2\/media?parent=242"}],"curies":[{"name":"wp","href":"https:\/\/api.w.org\/{rel}","templated":true}]}}