{"id":246,"date":"2025-03-12T15:02:18","date_gmt":"2025-03-12T15:02:18","guid":{"rendered":"https:\/\/vetrine-monitoringtool.eu\/sobre-el-proceso-de-entre-fashion\/"},"modified":"2025-03-12T15:02:18","modified_gmt":"2025-03-12T15:02:18","slug":"sobre-el-proceso-de-entre-fashion","status":"publish","type":"page","link":"https:\/\/vetrine-monitoringtool.eu\/es\/sobre-el-proceso-de-entre-fashion\/","title":{"rendered":"Sobre el proceso de Entre-Fashion"},"content":{"rendered":"\n<div class=\"wp-block-cover alignfull\" style=\"min-height:720px;aspect-ratio:unset;\"><span aria-hidden=\"true\" class=\"wp-block-cover__background has-background-dim-100 has-background-dim has-background-gradient\" style=\"background:linear-gradient(35deg,rgb(6,0,151) 0%,rgb(62,180,175) 38%,rgb(130,4,255) 72%,rgb(237,104,110) 100%)\"><\/span><div class=\"wp-block-cover__inner-container is-layout-flow wp-block-cover-is-layout-flow\">\n<div class=\"inherit-container-width wp-block-group alignwide is-layout-constrained wp-block-group-is-layout-constrained\">\n<div class=\"wp-block-media-text alignwide has-media-on-the-right is-stacked-on-mobile is-vertically-aligned-center\" style=\"grid-template-columns:auto 43%\"><div class=\"wp-block-media-text__content\">\n<h1 class=\"wp-block-heading has-text-align-left has-white-color has-text-color\">Sobre el proceso de Entre-Fashion<\/h1>\n<\/div><figure class=\"wp-block-media-text__media\"><img decoding=\"async\" src=\"https:\/\/vetrine-monitoringtool.eu\/wp-content\/themes\/astra\/inc\/assets\/images\/starter-content\/hero-img.svg\" alt=\"\" class=\"wp-image-118 size-full\"><\/figure><\/div>\n<\/div>\n<\/div><\/div>\n\n\n\n<p><\/p>\n\n\n\n<p>Esta plataforma, ENTRE-FASHION Monitoring Tool, se ha creado para dar apoyo a los alumnos graduados del curso &#8220;Green VETRINE&#8221; junto a sus mentores de empresas textiles locales, durante los 8 meses de co-creaci\u00f3n de un producto de moda sostenible.<br>Esta herramienta ayuda a los participantes a seguir el progreso, recibir feedback personalizado y finalmente, presentar sus creaciones para que el p\u00fablico las vote.<\/p>\n\n\n\n<p>El proceso ENTRE-FASHION, une la creatividad con la sostenibilidad durante un proceso de mentorado que da a los alumnos un caso pr\u00e1ctico real. Los alumnos se embarcan en una fase de simulaci\u00f3n de 8 meses, guiados por sus mentores, para conceptualizar y realizar \u00edtems de moda con conciencia sostenible. <\/p>\n\n\n\n<div class=\"wp-block-group alignfull has-ast-global-color-5-background-color has-background is-layout-constrained wp-container-core-group-is-layout-9cedb757 wp-block-group-is-layout-constrained\" style=\"padding-bottom:0px\">\n<div class=\"wp-block-columns are-vertically-aligned-top is-layout-flex wp-container-core-columns-is-layout-00723822 wp-block-columns-is-layout-flex\">\n<div class=\"wp-block-column is-vertically-aligned-top is-layout-flow wp-container-core-column-is-layout-6b73ce23 wp-block-column-is-layout-flow\">\n<figure class=\"wp-block-image size-large\"><img decoding=\"async\" src=\"https:\/\/vetrine-monitoringtool.eu\/wp-content\/themes\/astra\/inc\/assets\/images\/starter-content\/building.svg\" alt=\"\" class=\"wp-image-134\"><\/figure>\n\n\n\n<h3 class=\"wp-block-heading has-text-align-left\" style=\"margin-top:16px\">Actualizaciones mensuales del progreso de los alumnos<\/h3>\n\n\n\n<p class=\"has-text-align-left\"><\/p>\n<\/div>\n\n\n\n<div class=\"wp-block-column is-vertically-aligned-top is-layout-flow wp-container-core-column-is-layout-6b73ce23 wp-block-column-is-layout-flow\">\n<figure class=\"wp-block-image size-large\"><img decoding=\"async\" src=\"https:\/\/vetrine-monitoringtool.eu\/wp-content\/themes\/astra\/inc\/assets\/images\/starter-content\/shopping-bag.svg\" alt=\"\" class=\"wp-image-135\"><\/figure>\n\n\n\n<h3 class=\"wp-block-heading has-text-align-left\" style=\"margin-top:16px\">Feedback continuo de los mentores<\/h3>\n\n\n\n<p class=\"has-text-align-left\"><\/p>\n<\/div>\n\n\n\n<div class=\"wp-block-column is-vertically-aligned-top is-layout-flow wp-container-core-column-is-layout-6b73ce23 wp-block-column-is-layout-flow\">\n<figure class=\"wp-block-image size-large\"><img decoding=\"async\" src=\"https:\/\/vetrine-monitoringtool.eu\/wp-content\/themes\/astra\/inc\/assets\/images\/starter-content\/blog.svg\" alt=\"\" class=\"wp-image-136\"><\/figure>\n\n\n\n<h3 class=\"wp-block-heading has-text-align-left\" style=\"margin-top:16px\">Monitorear la evoluci\u00f3n de cada proyecto<\/h3>\n\n\n\n<p class=\"has-text-align-left\"><\/p>\n<\/div>\n\n\n\n<div class=\"wp-block-column is-vertically-aligned-top is-layout-flow wp-container-core-column-is-layout-6b73ce23 wp-block-column-is-layout-flow\">\n<figure class=\"wp-block-image size-large\"><img decoding=\"async\" src=\"https:\/\/vetrine-monitoringtool.eu\/wp-content\/themes\/astra\/inc\/assets\/images\/starter-content\/portfolio.svg\" alt=\"\" class=\"wp-image-137\"><\/figure>\n\n\n\n<h3 class=\"wp-block-heading has-text-align-left\" style=\"margin-top:16px\">La posibilidad de votar para determinar los ganadores del ENTRE-FASHION<\/h3>\n<\/div>\n<\/div>\n<\/div>\n\n\n\n<div class=\"wp-block-group alignfull has-ast-global-color-5-background-color has-background is-layout-constrained wp-container-core-group-is-layout-94d206d0 wp-block-group-is-layout-constrained\" id=\"about\" style=\"padding-top:143px;padding-bottom:144px\">\n<div class=\"wp-block-media-text has-media-on-the-right is-stacked-on-mobile is-vertically-aligned-center\"><div class=\"wp-block-media-text__content\">\n<div class=\"inherit-container-width wp-block-group is-layout-constrained wp-container-core-group-is-layout-47ce07ec wp-block-group-is-layout-constrained\" style=\"padding-right:80px\">\n<h2 class=\"wp-block-heading\" style=\"padding-right:40px\">Reglas para participar en el proceso ENTRE-FASHION<\/h2>\n\n\n\n<p><\/p>\n\n\n\n<p>Para participar, los candidatos deben:<br>&#8211; Haber completado con \u00e9xito el programa de capacitaci\u00f3n &#8220;Green VETRINE&#8221;<br>&#8211; Entregar el dosier de aplicaci\u00f3n para el 15 de mayo de 2025, incluyendo<br>&nbsp; &#8211; Una declaraci\u00f3n de motivaci\u00f3n personal<br>&nbsp; &#8211; Un dise\u00f1o conceptual preliminar<br>&nbsp; &#8211; Un breve an\u00e1lisis de la viabilidad de la sostenibilidad y el mercado<br>&nbsp; &#8211; Un calendario provisional de actividades para planear y definir los objetivos clave<br>\u2022 El dosier debe dirigirse formalmente a la organizaci\u00f3n vinculada al mercado de cada pa\u00eds. <br>Consulte aqu\u00ed la lista de contactos <\/p>\n\n\n\n<hr class=\"wp-block-separator has-alpha-channel-opacity\">\n\n\n\n<p><a id=\"_msocom_1\"><\/a><\/p>\n\n\n\n<p>&nbsp;<\/p>\n<\/div>\n<\/div><figure class=\"wp-block-media-text__media\"><img decoding=\"async\" src=\"https:\/\/vetrine-monitoringtool.eu\/wp-content\/themes\/astra\/inc\/assets\/images\/starter-content\/about-us.jpg\" alt=\"\" class=\"wp-image-237 size-full\"><\/figure><\/div>\n<\/div>\n\n\n\n<div class=\"wp-block-group alignfull has-ast-global-color-4-background-color has-background is-layout-constrained wp-container-core-group-is-layout-6a2cfb7b wp-block-group-is-layout-constrained\" id=\"reviews\">\n<p class=\"has-text-align-center\" style=\"font-size:38px;line-height:1.6\">Calendario<\/p>\n\n\n\n<p class=\"has-text-align-center\">\u2022 15 de mayo &#8211; Fecha l\u00edmite para aplicar&nbsp;<br>\u2022 Finales de mayo 2025 &#8211; Notificaci\u00f3n de los resultados de la selecci\u00f3n y asignaci\u00f3n de mentor&nbsp;<br>\u2022 Junio a diciembre 2025 &#8211; Fase de desarrollo y producci\u00f3n. Los alumnos desarrollar\u00e1n sus productos de acuerdo con el plan entregado, incorporando las sugerencias de sus mentores. Los ajustes est\u00e1n permitidos si est\u00e1n debidamente justificados.  &nbsp;<br>\u2022 31 de diciembre de 2025 &#8211; Plazo de Entrega Final:<br>&nbsp; &#8211; Fotos del producto acabado<br>&nbsp; &#8211; Documentaci\u00f3n detallando las decisiones sobre el dise\u00f1o y de materiales usados<br>&nbsp; &#8211; Explicaci\u00f3n de c\u00f3mo su proyecto cumple con los criterios de evaluaci\u00f3n<\/p>\n\n\n\n<figure class=\"wp-block-image size-large\"><img loading=\"lazy\" decoding=\"async\" width=\"1024\" height=\"576\" src=\"https:\/\/vetrine-monitoringtool.eu\/wp-content\/uploads\/2025\/04\/vetrine-timeline-1024x576.png\" alt=\"\" class=\"wp-image-142\" srcset=\"https:\/\/vetrine-monitoringtool.eu\/wp-content\/uploads\/2025\/04\/vetrine-timeline-1024x576.png 1024w, https:\/\/vetrine-monitoringtool.eu\/wp-content\/uploads\/2025\/04\/vetrine-timeline-300x169.png 300w, https:\/\/vetrine-monitoringtool.eu\/wp-content\/uploads\/2025\/04\/vetrine-timeline-768x432.png 768w, https:\/\/vetrine-monitoringtool.eu\/wp-content\/uploads\/2025\/04\/vetrine-timeline-1536x864.png 1536w, https:\/\/vetrine-monitoringtool.eu\/wp-content\/uploads\/2025\/04\/vetrine-timeline.png 1920w\" sizes=\"auto, (max-width: 1024px) 100vw, 1024px\" \/><\/figure>\n\n\n\n<p class=\"has-text-align-center\"><\/p>\n<\/div>\n\n\n\n<div class=\"wp-block-group alignfull is-layout-constrained wp-container-core-group-is-layout-3fee123f wp-block-group-is-layout-constrained\" id=\"whyus\" style=\"padding-top:144px;padding-bottom:144px\">\n<h2 class=\"wp-block-heading has-text-align-center\">Informes mensuales de situaci\u00f3n<\/h2>\n\n\n\n<p class=\"has-text-align-center\">Cada mes, los alumnos deben presentar un breve informe a trav\u00e9s de la Herramienta de Seguimiento, en el que se describa:<br><\/p>\n\n\n\n<div class=\"wp-block-columns alignfull are-vertically-aligned-center is-layout-flex wp-container-core-columns-is-layout-29aadeec wp-block-columns-is-layout-flex\" style=\"margin-top:60px\">\n<div class=\"wp-block-column is-vertically-aligned-center is-layout-flow wp-container-core-column-is-layout-6b73ce23 wp-block-column-is-layout-flow\">\n<figure class=\"wp-block-image aligncenter size-large\"><img decoding=\"async\" src=\"https:\/\/vetrine-monitoringtool.eu\/wp-content\/themes\/astra\/inc\/assets\/images\/starter-content\/passionate.svg\" alt=\"\" class=\"wp-image-162\"><\/figure>\n\n\n\n<h3 class=\"wp-block-heading has-text-align-center\" style=\"margin-top:16px\">Principales actividades realizadas&nbsp;<\/h3>\n\n\n\n<p><\/p>\n<\/div>\n\n\n\n<div class=\"wp-block-column is-vertically-aligned-center is-layout-flow wp-container-core-column-is-layout-6b73ce23 wp-block-column-is-layout-flow\">\n<figure class=\"wp-block-image aligncenter size-large\"><img decoding=\"async\" src=\"https:\/\/vetrine-monitoringtool.eu\/wp-content\/themes\/astra\/inc\/assets\/images\/starter-content\/professional.svg\" alt=\"\" class=\"wp-image-163\"><\/figure>\n\n\n\n<h3 class=\"wp-block-heading has-text-align-center\" style=\"margin-top:16px\">Desaf\u00edos encontrados&nbsp;<\/h3>\n\n\n\n<p><\/p>\n<\/div>\n<\/div>\n\n\n\n<p class=\"has-text-align-center\">Los tutores revisar\u00e1n estas actualizaciones y proporcionar\u00e1n informaci\u00f3n pr\u00e1ctica para orientar el desarrollo continuo.<\/p>\n<\/div>\n\n\n\n<h2 class=\"wp-block-heading has-text-align-center\">Evaluaci\u00f3n y votaci\u00f3n<\/h2>\n\n\n\n<p class=\"has-text-align-center\"><br>&#8211; Antes del 15 de enero de 2026 &#8211; Selecci\u00f3n de los 3 mejores candidatos por pa\u00eds (12 finalistas en total)&nbsp;<br>&#8211; Estos 12 finalistas se publicar\u00e1n de forma an\u00f3nima en el sitio web de VETRINE para la votaci\u00f3n del p\u00fablico&nbsp;<br>&#8211; Hasta el 31 de enero de 2026 &#8211; Periodo de votaci\u00f3n en l\u00ednea<br>&#8211; Los 3 proyectos mejor valorados ser\u00e1n declarados ganadores en funci\u00f3n de los votos del p\u00fablico<br><br><\/p>\n\n\n\n<h2 class=\"wp-block-heading has-text-align-center\">Criterios de evaluaci\u00f3n<\/h2>\n\n\n\n<p>1. Sostenibilidad &amp; Circularidad<\/p>\n\n\n\n<p>2. Innovaci\u00f3n y creatividad<\/p>\n\n\n\n<p>3. Comunicaci\u00f3n &amp; Transparencia<\/p>\n\n\n\n<p>4. Precio y accesibilidad<\/p>\n\n\n\n<h2 class=\"wp-block-heading has-text-align-center\">Premio<\/h2>\n\n\n\n<p class=\"has-text-align-center\"><br>Los tres proyectos m\u00e1s votados ser\u00e1n declarados \u00abganadores\u00bb y los estudiantes elegidos ser\u00e1n invitados a presentar sus proyectos en la conferencia final de VETRINE, que se celebrar\u00e1 en una ciudad europea (lugar por determinar). Los gastos de viaje y alojamiento del viaje estar\u00e1n totalmente cubiertos.<br>Este evento pondr\u00e1 de relieve art\u00edculos destacados de moda sostenible y ofrecer\u00e1 a los estudiantes la oportunidad de relacionarse con profesionales y compa\u00f1eros del sector. <\/p>\n\n\n\n<hr class=\"wp-block-separator has-alpha-channel-opacity\">\n\n\n\n<p><a id=\"_msocom_1\"><\/a><\/p>\n","protected":false},"excerpt":{"rendered":"<p>Esta plataforma, ENTRE-FASHION Monitoring Tool, se ha creado para dar apoyo a los alumnos graduados del curso &#8220;Green VETRINE&#8221; junto [&hellip;]<\/p>\n","protected":false},"author":1,"featured_media":0,"parent":0,"menu_order":0,"comment_status":"closed","ping_status":"closed","template":"","meta":{"site-sidebar-layout":"no-sidebar","site-content-layout":"plain-container","ast-site-content-layout":"","site-content-style":"default","site-sidebar-style":"default","ast-global-header-display":"","ast-banner-title-visibility":"","ast-main-header-display":"","ast-hfb-above-header-display":"","ast-hfb-below-header-display":"","ast-hfb-mobile-header-display":"","site-post-title":"disabled","ast-breadcrumbs-content":"","ast-featured-img":"","footer-sml-layout":"","theme-transparent-header-meta":"enabled","adv-header-id-meta":"","stick-header-meta":"","header-above-stick-meta":"","header-main-stick-meta":"","header-below-stick-meta":"","astra-migrate-meta-layouts":"default","ast-page-background-enabled":"default","ast-page-background-meta":{"desktop":{"background-color":"var(--ast-global-color-5)","background-image":"","background-repeat":"repeat","background-position":"center center","background-size":"auto","background-attachment":"scroll","background-type":"","background-media":"","overlay-type":"","overlay-color":"","overlay-opacity":"","overlay-gradient":""},"tablet":{"background-color":"","background-image":"","background-repeat":"repeat","background-position":"center center","background-size":"auto","background-attachment":"scroll","background-type":"","background-media":"","overlay-type":"","overlay-color":"","overlay-opacity":"","overlay-gradient":""},"mobile":{"background-color":"","background-image":"","background-repeat":"repeat","background-position":"center center","background-size":"auto","background-attachment":"scroll","background-type":"","background-media":"","overlay-type":"","overlay-color":"","overlay-opacity":"","overlay-gradient":""}},"ast-content-background-meta":{"desktop":{"background-color":"var(--ast-global-color-4)","background-image":"","background-repeat":"repeat","background-position":"center center","background-size":"auto","background-attachment":"scroll","background-type":"","background-media":"","overlay-type":"","overlay-color":"","overlay-opacity":"","overlay-gradient":""},"tablet":{"background-color":"var(--ast-global-color-4)","background-image":"","background-repeat":"repeat","background-position":"center center","background-size":"auto","background-attachment":"scroll","background-type":"","background-media":"","overlay-type":"","overlay-color":"","overlay-opacity":"","overlay-gradient":""},"mobile":{"background-color":"var(--ast-global-color-4)","background-image":"","background-repeat":"repeat","background-position":"center center","background-size":"auto","background-attachment":"scroll","background-type":"","background-media":"","overlay-type":"","overlay-color":"","overlay-opacity":"","overlay-gradient":""}},"footnotes":""},"class_list":["post-246","page","type-page","status-publish","hentry"],"_links":{"self":[{"href":"https:\/\/vetrine-monitoringtool.eu\/es\/wp-json\/wp\/v2\/pages\/246","targetHints":{"allow":["GET"]}}],"collection":[{"href":"https:\/\/vetrine-monitoringtool.eu\/es\/wp-json\/wp\/v2\/pages"}],"about":[{"href":"https:\/\/vetrine-monitoringtool.eu\/es\/wp-json\/wp\/v2\/types\/page"}],"author":[{"embeddable":true,"href":"https:\/\/vetrine-monitoringtool.eu\/es\/wp-json\/wp\/v2\/users\/1"}],"replies":[{"embeddable":true,"href":"https:\/\/vetrine-monitoringtool.eu\/es\/wp-json\/wp\/v2\/comments?post=246"}],"version-history":[{"count":0,"href":"https:\/\/vetrine-monitoringtool.eu\/es\/wp-json\/wp\/v2\/pages\/246\/revisions"}],"wp:attachment":[{"href":"https:\/\/vetrine-monitoringtool.eu\/es\/wp-json\/wp\/v2\/media?parent=246"}],"curies":[{"name":"wp","href":"https:\/\/api.w.org\/{rel}","templated":true}]}}